{"id":426,"date":"2025-10-23T12:44:29","date_gmt":"2025-10-23T10:44:29","guid":{"rendered":"http:\/\/gdynia.oswiata-solidarnosc.pl\/?page_id=426"},"modified":"2025-12-15T16:45:57","modified_gmt":"2025-12-15T15:45:57","slug":"organizacja","status":"publish","type":"page","link":"https:\/\/gdynia.oswiata-solidarnosc.pl\/?page_id=426","title":{"rendered":"Nasza Organizacja"},"content":{"rendered":"\t\t<div data-elementor-type=\"wp-page\" data-elementor-id=\"426\" class=\"elementor elementor-426\">\n\t\t\t\t<div class=\"elementor-element elementor-element-b1a5fa7 e-flex e-con-boxed e-con e-parent\" data-id=\"b1a5fa7\" data-element_type=\"container\">\n\t\t\t\t\t<div class=\"e-con-inner\">\n\t\t\t\t<div class=\"elementor-element elementor-element-006927e elementor-widget elementor-widget-heading\" data-id=\"006927e\" data-element_type=\"widget\" data-widget_type=\"heading.default\">\n\t\t\t\t\t<h1 class=\"elementor-heading-title elementor-size-default\">Komisja Mi\u0119dzyzak\u0142adowa NSZZ \u201eSolidarno\u015b\u0107\u201d Pracownik\u00f3w O\u015bwiaty i Wychowania<\/h1>\t\t\t\t<\/div>\n\t\t\t\t\t<\/div>\n\t\t\t\t<\/div>\n\t\t<div class=\"elementor-element elementor-element-8ef7c7a e-grid e-con-boxed e-con e-parent\" data-id=\"8ef7c7a\" data-element_type=\"container\">\n\t\t\t\t\t<div class=\"e-con-inner\">\n\t\t\t\t<div class=\"elementor-element elementor-element-3bd6ed2 elementor-widget elementor-widget-image\" data-id=\"3bd6ed2\" data-element_type=\"widget\" data-widget_type=\"image.default\">\n\t\t\t\t\t\t\t\t\t\t\t\t\t\t\t<img fetchpriority=\"high\" decoding=\"async\" width=\"183\" height=\"275\" src=\"https:\/\/gdynia.oswiata-solidarnosc.pl\/wp-content\/uploads\/2025\/10\/images.jpg\" class=\"attachment-large size-large wp-image-75\" alt=\"\" \/>\t\t\t\t\t\t\t\t\t\t\t\t\t\t\t<\/div>\n\t\t\t\t<div class=\"elementor-element elementor-element-be68bb2 elementor-widget elementor-widget-text-editor\" data-id=\"be68bb2\" data-element_type=\"widget\" data-widget_type=\"text-editor.default\">\n\t\t\t\t\t\t\t\t\t<p>Zdzis\u0142awa Hacia \u2013 przewodnicz\u0105ca.<\/p>\t\t\t\t\t\t\t\t<\/div>\n\t\t\t\t\t<\/div>\n\t\t\t\t<\/div>\n\t\t<div class=\"elementor-element elementor-element-37802ac e-flex e-con-boxed e-con e-parent\" data-id=\"37802ac\" data-element_type=\"container\">\n\t\t\t\t\t<div class=\"e-con-inner\">\n\t\t\t\t<div class=\"elementor-element elementor-element-964ad89 elementor-widget elementor-widget-image\" data-id=\"964ad89\" data-element_type=\"widget\" data-widget_type=\"image.default\">\n\t\t\t\t\t\t\t\t\t\t\t\t\t\t\t<img decoding=\"async\" width=\"640\" height=\"376\" src=\"https:\/\/gdynia.oswiata-solidarnosc.pl\/wp-content\/uploads\/2025\/12\/km.png\" class=\"attachment-large size-large wp-image-691\" alt=\"\" srcset=\"https:\/\/gdynia.oswiata-solidarnosc.pl\/wp-content\/uploads\/2025\/12\/km.png 640w, https:\/\/gdynia.oswiata-solidarnosc.pl\/wp-content\/uploads\/2025\/12\/km-300x176.png 300w\" sizes=\"(max-width: 640px) 100vw, 640px\" \/>\t\t\t\t\t\t\t\t\t\t\t\t\t\t\t<\/div>\n\t\t\t\t\t<\/div>\n\t\t\t\t<\/div>\n\t\t<div class=\"elementor-element elementor-element-379e8f6 e-flex e-con-boxed e-con e-parent\" data-id=\"379e8f6\" data-element_type=\"container\">\n\t\t\t\t\t<div class=\"e-con-inner\">\n\t\t\t\t<div class=\"elementor-element elementor-element-50974db elementor-widget elementor-widget-text-editor\" data-id=\"50974db\" data-element_type=\"widget\" data-widget_type=\"text-editor.default\">\n\t\t\t\t\t\t\t\t\t<p>2. Agnieszka Tana\u015b &#8211; wiceprzewodnicz\u0105ca<\/p><p>3. Dorota Szewczyk \u2013 sekretarz KM od 22.03.2018 oraz wiceprzewodnicz\u0105ca od 1.09.2021 r.<\/p><p>4. Joanna Grzesi\u0144ska \u2013 skarbnik KM<\/p><p>5. Ewa Domrazek \u2013 cz\u0142onek KM<\/p><p>6. Katarzyna Krause \u2013 Bagi\u0144ska \u2013 cz\u0142onek KM<\/p><p>7. Katarzyna Ma\u0144ka-Winiecka \u2013cz\u0142onek KM<\/p><p>8. Anna Niemczynowicz \u2013 cz\u0142onek KM<\/p><p>9. Ewelina Wysocka \u2013 cz\u0142onek KM<\/p><p>10. Ewa Rajkowska \u2013 cz\u0142onek KM<\/p><p>11. Magdalena Selonka \u2013 cz\u0142onek KM<\/p><p>12. Edyta Szulborska \u2013 cz\u0142onek KM<\/p>\t\t\t\t\t\t\t\t<\/div>\n\t\t\t\t\t<\/div>\n\t\t\t\t<\/div>\n\t\t<div class=\"elementor-element elementor-element-d9db77f e-flex e-con-boxed e-con e-parent\" data-id=\"d9db77f\" data-element_type=\"container\">\n\t\t\t\t\t<div class=\"e-con-inner\">\n\t\t\t\t<div class=\"elementor-element elementor-element-7bea77e elementor-widget elementor-widget-heading\" data-id=\"7bea77e\" data-element_type=\"widget\" data-widget_type=\"heading.default\">\n\t\t\t\t\t<h1 class=\"elementor-heading-title elementor-size-default\">Komisja Rewizyjna <\/h1>\t\t\t\t<\/div>\n\t\t\t\t\t<\/div>\n\t\t\t\t<\/div>\n\t\t<div class=\"elementor-element elementor-element-e1e1848 e-flex e-con-boxed e-con e-parent\" data-id=\"e1e1848\" data-element_type=\"container\">\n\t\t\t\t\t<div class=\"e-con-inner\">\n\t\t\t\t<div class=\"elementor-element elementor-element-aed6114 elementor-widget elementor-widget-text-editor\" data-id=\"aed6114\" data-element_type=\"widget\" data-widget_type=\"text-editor.default\">\n\t\t\t\t\t\t\t\t\t<p>1. Ma\u0142gorzata Gackowska \u2013 przewodnicz\u0105ca Komisji Rewizyjnej<br \/>2. Ewa Sikorska \u2013 cz\u0142onek Komisji Rewizyjnej<br \/>3. Zofia Falgowska &#8211; cz\u0142onek Komisji Rewizyjnej<\/p>\t\t\t\t\t\t\t\t<\/div>\n\t\t\t\t\t<\/div>\n\t\t\t\t<\/div>\n\t\t<div class=\"elementor-element elementor-element-88340d9 e-flex e-con-boxed e-con e-parent\" data-id=\"88340d9\" data-element_type=\"container\">\n\t\t\t\t\t<div class=\"e-con-inner\">\n\t\t\t\t<div class=\"elementor-element elementor-element-3d30031 elementor-widget elementor-widget-heading\" data-id=\"3d30031\" data-element_type=\"widget\" data-widget_type=\"heading.default\">\n\t\t\t\t\t<h1 class=\"elementor-heading-title elementor-size-default\">Sekretariat<\/h1>\t\t\t\t<\/div>\n\t\t\t\t\t<\/div>\n\t\t\t\t<\/div>\n\t\t<div class=\"elementor-element elementor-element-028093d e-flex e-con-boxed e-con e-parent\" data-id=\"028093d\" data-element_type=\"container\">\n\t\t\t\t\t<div class=\"e-con-inner\">\n\t\t\t\t<div class=\"elementor-element elementor-element-fad8826 elementor-widget elementor-widget-text-editor\" data-id=\"fad8826\" data-element_type=\"widget\" data-widget_type=\"text-editor.default\">\n\t\t\t\t\t\t\t\t\t<p>Anna Nowicka \u2013 ksi\u0119gowo\u015b\u0107 i obs\u0142uga biura<\/p>\t\t\t\t\t\t\t\t<\/div>\n\t\t\t\t\t<\/div>\n\t\t\t\t<\/div>\n\t\t\t\t<\/div>\n\t\t","protected":false},"excerpt":{"rendered":"<p>Komisja Mi\u0119dzyzak\u0142adowa NSZZ \u201eSolidarno\u015b\u0107\u201d Pracownik\u00f3w O\u015bwiaty i Wychowania Zdzis\u0142awa Hacia \u2013 przewodnicz\u0105ca. 2. Agnieszka Tana\u015b &#8211; wiceprzewodnicz\u0105ca 3. Dorota Szewczyk \u2013 sekretarz KM od 22.03.2018 oraz wiceprzewodnicz\u0105ca od 1.09.2021 r. &hellip; <\/p>\n<p class=\"link-more\"><a href=\"https:\/\/gdynia.oswiata-solidarnosc.pl\/?page_id=426\" class=\"more-link\">Continue reading<span class=\"screen-reader-text\"> &#8222;Nasza Organizacja&#8221;<\/span><\/a><\/p>\n","protected":false},"author":1,"featured_media":0,"parent":0,"menu_order":0,"comment_status":"closed","ping_status":"closed","template":"","meta":{"ngg_post_thumbnail":0,"footnotes":""},"class_list":["post-426","page","type-page","status-publish","hentry"],"_links":{"self":[{"href":"https:\/\/gdynia.oswiata-solidarnosc.pl\/index.php?rest_route=\/wp\/v2\/pages\/426","targetHints":{"allow":["GET"]}}],"collection":[{"href":"https:\/\/gdynia.oswiata-solidarnosc.pl\/index.php?rest_route=\/wp\/v2\/pages"}],"about":[{"href":"https:\/\/gdynia.oswiata-solidarnosc.pl\/index.php?rest_route=\/wp\/v2\/types\/page"}],"author":[{"embeddable":true,"href":"https:\/\/gdynia.oswiata-solidarnosc.pl\/index.php?rest_route=\/wp\/v2\/users\/1"}],"replies":[{"embeddable":true,"href":"https:\/\/gdynia.oswiata-solidarnosc.pl\/index.php?rest_route=%2Fwp%2Fv2%2Fcomments&post=426"}],"version-history":[{"count":34,"href":"https:\/\/gdynia.oswiata-solidarnosc.pl\/index.php?rest_route=\/wp\/v2\/pages\/426\/revisions"}],"predecessor-version":[{"id":711,"href":"https:\/\/gdynia.oswiata-solidarnosc.pl\/index.php?rest_route=\/wp\/v2\/pages\/426\/revisions\/711"}],"wp:attachment":[{"href":"https:\/\/gdynia.oswiata-solidarnosc.pl\/index.php?rest_route=%2Fwp%2Fv2%2Fmedia&parent=426"}],"curies":[{"name":"wp","href":"https:\/\/api.w.org\/{rel}","templated":true}]}}